{"id":12,"date":"2022-04-25T13:08:31","date_gmt":"2022-04-25T13:08:31","guid":{"rendered":"http:\/\/termaselquicho.com\/?page_id=12"},"modified":"2025-09-15T09:55:24","modified_gmt":"2025-09-15T09:55:24","slug":"inicio","status":"publish","type":"page","link":"https:\/\/termaselquicho.com\/","title":{"rendered":"Inicio"},"content":{"rendered":"\t\t<div data-elementor-type=\"wp-page\" data-elementor-id=\"12\" class=\"elementor elementor-12\" data-elementor-post-type=\"page\">\n\t\t\t\t\t\t<section class=\"elementor-section elementor-top-section elementor-element elementor-element-da44bef elementor-section-full_width elementor-section-height-default elementor-section-height-default\" data-id=\"da44bef\" data-element_type=\"section\">\n\t\t\t\t\t\t<div class=\"elementor-container elementor-column-gap-default\">\n\t\t\t\t\t<div class=\"elementor-column elementor-col-100 elementor-top-column elementor-element elementor-element-f795aa7\" data-id=\"f795aa7\" data-element_type=\"column\">\n\t\t\t<div class=\"elementor-widget-wrap elementor-element-populated\">\n\t\t\t\t\t\t<div class=\"elementor-element elementor-element-997bc6b elementor-shape-circle elementor-grid-0 e-grid-align-center elementor-widget elementor-widget-social-icons\" data-id=\"997bc6b\" data-element_type=\"widget\" data-widget_type=\"social-icons.default\">\n\t\t\t\t<div class=\"elementor-widget-container\">\n\t\t\t\t\t\t\t<div class=\"elementor-social-icons-wrapper elementor-grid\" role=\"list\">\n\t\t\t\t\t\t\t<span class=\"elementor-grid-item\" role=\"listitem\">\n\t\t\t\t\t<a class=\"elementor-icon elementor-social-icon elementor-social-icon-facebook elementor-repeater-item-ef843b7\" href=\"https:\/\/www.facebook.com\/SerrezuelaesTurismo\" target=\"_blank\">\n\t\t\t\t\t\t<span class=\"elementor-screen-only\">Facebook<\/span>\n\t\t\t\t\t\t<i class=\"fab fa-facebook\"><\/i>\t\t\t\t\t<\/a>\n\t\t\t\t<\/span>\n\t\t\t\t\t\t\t<span class=\"elementor-grid-item\" role=\"listitem\">\n\t\t\t\t\t<a class=\"elementor-icon elementor-social-icon elementor-social-icon-instagram elementor-repeater-item-c3015f6\" href=\"https:\/\/www.instagram.com\/turismoserrezuela\/\" target=\"_blank\">\n\t\t\t\t\t\t<span class=\"elementor-screen-only\">Instagram<\/span>\n\t\t\t\t\t\t<i class=\"fab fa-instagram\"><\/i>\t\t\t\t\t<\/a>\n\t\t\t\t<\/span>\n\t\t\t\t\t\t\t<span class=\"elementor-grid-item\" role=\"listitem\">\n\t\t\t\t\t<a class=\"elementor-icon elementor-social-icon elementor-social-icon-youtube elementor-repeater-item-96bbd57\" target=\"_blank\">\n\t\t\t\t\t\t<span class=\"elementor-screen-only\">Youtube<\/span>\n\t\t\t\t\t\t<i class=\"fab fa-youtube\"><\/i>\t\t\t\t\t<\/a>\n\t\t\t\t<\/span>\n\t\t\t\t\t<\/div>\n\t\t\t\t\t\t<\/div>\n\t\t\t\t<\/div>\n\t\t\t\t\t<\/div>\n\t\t<\/div>\n\t\t\t\t\t<\/div>\n\t\t<\/section>\n\t\t\t\t<section class=\"elementor-section elementor-top-section elementor-element elementor-element-6c3d9bd elementor-section-full_width elementor-section-height-default elementor-section-height-default\" data-id=\"6c3d9bd\" data-element_type=\"section\">\n\t\t\t\t\t\t<div class=\"elementor-container elementor-column-gap-default\">\n\t\t\t\t\t<div class=\"elementor-column elementor-col-100 elementor-top-column elementor-element elementor-element-47b73ec\" data-id=\"47b73ec\" data-element_type=\"column\">\n\t\t\t<div class=\"elementor-widget-wrap elementor-element-populated\">\n\t\t\t\t\t\t<div class=\"elementor-element elementor-element-94e3498 elementor-nav-menu__align-center elementor-nav-menu--dropdown-tablet elementor-nav-menu__text-align-aside elementor-nav-menu--toggle elementor-nav-menu--burger elementor-widget elementor-widget-nav-menu\" data-id=\"94e3498\" data-element_type=\"widget\" data-settings=\"{&quot;layout&quot;:&quot;horizontal&quot;,&quot;submenu_icon&quot;:{&quot;value&quot;:&quot;&lt;i class=\\&quot;fas fa-caret-down\\&quot;&gt;&lt;\\\/i&gt;&quot;,&quot;library&quot;:&quot;fa-solid&quot;},&quot;toggle&quot;:&quot;burger&quot;}\" data-widget_type=\"nav-menu.default\">\n\t\t\t\t<div class=\"elementor-widget-container\">\n\t\t\t\t\t\t\t\t<nav aria-label=\"Menu\" class=\"elementor-nav-menu--main elementor-nav-menu__container elementor-nav-menu--layout-horizontal e--pointer-underline e--animation-fade\">\n\t\t\t\t<ul id=\"menu-1-94e3498\" class=\"elementor-nav-menu\"><li class=\"menu-item menu-item-type-post_type menu-item-object-page menu-item-home menu-item-32\"><a href=\"https:\/\/termaselquicho.com\/\" class=\"elementor-item\">Inicio<\/a><\/li>\n<li class=\"menu-item menu-item-type-post_type menu-item-object-page menu-item-30\"><a href=\"https:\/\/termaselquicho.com\/index.php\/precios-y-horarios\/\" class=\"elementor-item\">Precios y Horarios<\/a><\/li>\n<li class=\"menu-item menu-item-type-post_type menu-item-object-page menu-item-29\"><a href=\"https:\/\/termaselquicho.com\/index.php\/como-llegar\/\" class=\"elementor-item\">C\u00f3mo Llegar<\/a><\/li>\n<li class=\"menu-item menu-item-type-post_type menu-item-object-page menu-item-28\"><a href=\"https:\/\/termaselquicho.com\/index.php\/alojamientos\/\" class=\"elementor-item\">Alojamientos<\/a><\/li>\n<li class=\"menu-item menu-item-type-post_type menu-item-object-page menu-item-27\"><a href=\"https:\/\/termaselquicho.com\/index.php\/multimedia\/\" class=\"elementor-item\">Multimedia<\/a><\/li>\n<li class=\"menu-item menu-item-type-post_type menu-item-object-page menu-item-26\"><a href=\"https:\/\/termaselquicho.com\/index.php\/contactanos\/\" class=\"elementor-item\">Cont\u00e1ctanos<\/a><\/li>\n<\/ul>\t\t\t<\/nav>\n\t\t\t\t\t<div class=\"elementor-menu-toggle\" role=\"button\" tabindex=\"0\" aria-label=\"Menu Toggle\" aria-expanded=\"false\">\n\t\t\t<i aria-hidden=\"true\" role=\"presentation\" class=\"elementor-menu-toggle__icon--open eicon-menu-bar\"><\/i><i aria-hidden=\"true\" role=\"presentation\" class=\"elementor-menu-toggle__icon--close eicon-close\"><\/i>\t\t<\/div>\n\t\t\t\t\t<nav class=\"elementor-nav-menu--dropdown elementor-nav-menu__container\" aria-hidden=\"true\">\n\t\t\t\t<ul id=\"menu-2-94e3498\" class=\"elementor-nav-menu\"><li class=\"menu-item menu-item-type-post_type menu-item-object-page menu-item-home menu-item-32\"><a href=\"https:\/\/termaselquicho.com\/\" class=\"elementor-item\" tabindex=\"-1\">Inicio<\/a><\/li>\n<li class=\"menu-item menu-item-type-post_type menu-item-object-page menu-item-30\"><a href=\"https:\/\/termaselquicho.com\/index.php\/precios-y-horarios\/\" class=\"elementor-item\" tabindex=\"-1\">Precios y Horarios<\/a><\/li>\n<li class=\"menu-item menu-item-type-post_type menu-item-object-page menu-item-29\"><a href=\"https:\/\/termaselquicho.com\/index.php\/como-llegar\/\" class=\"elementor-item\" tabindex=\"-1\">C\u00f3mo Llegar<\/a><\/li>\n<li class=\"menu-item menu-item-type-post_type menu-item-object-page menu-item-28\"><a href=\"https:\/\/termaselquicho.com\/index.php\/alojamientos\/\" class=\"elementor-item\" tabindex=\"-1\">Alojamientos<\/a><\/li>\n<li class=\"menu-item menu-item-type-post_type menu-item-object-page menu-item-27\"><a href=\"https:\/\/termaselquicho.com\/index.php\/multimedia\/\" class=\"elementor-item\" tabindex=\"-1\">Multimedia<\/a><\/li>\n<li class=\"menu-item menu-item-type-post_type menu-item-object-page menu-item-26\"><a href=\"https:\/\/termaselquicho.com\/index.php\/contactanos\/\" class=\"elementor-item\" tabindex=\"-1\">Cont\u00e1ctanos<\/a><\/li>\n<\/ul>\t\t\t<\/nav>\n\t\t\t\t\t\t<\/div>\n\t\t\t\t<\/div>\n\t\t\t\t\t<\/div>\n\t\t<\/div>\n\t\t\t\t\t<\/div>\n\t\t<\/section>\n\t\t\t\t<section class=\"elementor-section elementor-top-section elementor-element elementor-element-600043b elementor-section-full_width elementor-section-stretched elementor-section-height-default elementor-section-height-default\" data-id=\"600043b\" data-element_type=\"section\" data-settings=\"{&quot;stretch_section&quot;:&quot;section-stretched&quot;,&quot;background_background&quot;:&quot;classic&quot;}\">\n\t\t\t\t\t\t<div class=\"elementor-container elementor-column-gap-default\">\n\t\t\t\t\t<div class=\"elementor-column elementor-col-100 elementor-top-column elementor-element elementor-element-916c63a\" data-id=\"916c63a\" data-element_type=\"column\">\n\t\t\t<div class=\"elementor-widget-wrap\">\n\t\t\t\t\t\t\t<\/div>\n\t\t<\/div>\n\t\t\t\t\t<\/div>\n\t\t<\/section>\n\t\t\t\t<section class=\"elementor-section elementor-top-section elementor-element elementor-element-752fd8b elementor-section-full_width elementor-section-height-default elementor-section-height-default\" data-id=\"752fd8b\" data-element_type=\"section\">\n\t\t\t\t\t\t<div class=\"elementor-container elementor-column-gap-default\">\n\t\t\t\t\t<div class=\"elementor-column elementor-col-100 elementor-top-column elementor-element elementor-element-7d9b4d6\" data-id=\"7d9b4d6\" data-element_type=\"column\">\n\t\t\t<div class=\"elementor-widget-wrap elementor-element-populated\">\n\t\t\t\t\t\t<div class=\"elementor-element elementor-element-a8dca59 elementor-widget elementor-widget-video\" data-id=\"a8dca59\" data-element_type=\"widget\" data-settings=\"{&quot;video_type&quot;:&quot;hosted&quot;,&quot;controls&quot;:&quot;yes&quot;}\" data-widget_type=\"video.default\">\n\t\t\t\t<div class=\"elementor-widget-container\">\n\t\t\t\t\t\t\t<div class=\"e-hosted-video elementor-wrapper elementor-open-inline\">\n\t\t\t\t\t<video class=\"elementor-video\" src=\"http:\/\/termaselquicho.com\/wp-content\/uploads\/2025\/09\/ELQUICHO-1.mp4\" controls=\"\" preload=\"metadata\" controlsList=\"nodownload\"><\/video>\n\t\t\t\t<\/div>\n\t\t\t\t\t\t<\/div>\n\t\t\t\t<\/div>\n\t\t\t\t\t<\/div>\n\t\t<\/div>\n\t\t\t\t\t<\/div>\n\t\t<\/section>\n\t\t\t\t<section class=\"elementor-section elementor-top-section elementor-element elementor-element-1636d13 elementor-section-full_width elementor-section-stretched elementor-section-height-default elementor-section-height-default\" data-id=\"1636d13\" data-element_type=\"section\" data-settings=\"{&quot;stretch_section&quot;:&quot;section-stretched&quot;}\">\n\t\t\t\t\t\t<div class=\"elementor-container elementor-column-gap-default\">\n\t\t\t\t\t<div class=\"elementor-column elementor-col-100 elementor-top-column elementor-element elementor-element-368948b\" data-id=\"368948b\" data-element_type=\"column\">\n\t\t\t<div class=\"elementor-widget-wrap elementor-element-populated\">\n\t\t\t\t\t\t<div class=\"elementor-element elementor-element-d2eb2e3 elementor-widget elementor-widget-heading\" data-id=\"d2eb2e3\" data-element_type=\"widget\" data-widget_type=\"heading.default\">\n\t\t\t\t<div class=\"elementor-widget-container\">\n\t\t\t\t\t<h2 class=\"elementor-heading-title elementor-size-default\">UN POCO DE HISTORIA<\/h2>\t\t\t\t<\/div>\n\t\t\t\t<\/div>\n\t\t\t\t\t<\/div>\n\t\t<\/div>\n\t\t\t\t\t<\/div>\n\t\t<\/section>\n\t\t\t\t<section class=\"elementor-section elementor-top-section elementor-element elementor-element-c3bb41b elementor-section-full_width elementor-section-stretched elementor-section-height-default elementor-section-height-default\" data-id=\"c3bb41b\" data-element_type=\"section\" data-settings=\"{&quot;stretch_section&quot;:&quot;section-stretched&quot;}\">\n\t\t\t\t\t\t<div class=\"elementor-container elementor-column-gap-default\">\n\t\t\t\t\t<div class=\"elementor-column elementor-col-100 elementor-top-column elementor-element elementor-element-f52b7ea\" data-id=\"f52b7ea\" data-element_type=\"column\">\n\t\t\t<div class=\"elementor-widget-wrap elementor-element-populated\">\n\t\t\t\t\t\t<div class=\"elementor-element elementor-element-a4893ba elementor-widget elementor-widget-text-editor\" data-id=\"a4893ba\" data-element_type=\"widget\" data-widget_type=\"text-editor.default\">\n\t\t\t\t<div class=\"elementor-widget-container\">\n\t\t\t\t\t\t\t\t\t<p>Los paisajes son el mejor exponente del noroeste de la Provincia de C\u00f3rdoba.\u00a0En el Paraje El Quicho, ubicado a 24 kilometros por camino de tierra\u00a0desde Serrezuela, se encuentra UNO DE LOS\u00a0DESCONOCIDOS Y MAS PROMETEDORES DESTINOS TUR\u00cdSTICOS de C\u00f3rdoba: <br \/>LAS TERMAS DE EL QUICHO.<\/p><p>Es un lugar m\u00e1gico, donde la predomina la naturaleza agreste de las Salinas\u00a0Grandes. Las TERMAS QUE EST\u00c1N FUERA DE LOS CIRCUITOS <br \/>TRADICIONALES ofrecen al visitante una aventura distinta, en un\u00a0marco imponente.\u00a0<span style=\"color: var( --e-global-color-text ); font-family: var( --e-global-typography-text-font-family ), Sans-serif; font-weight: var( --e-global-typography-text-font-weight ); font-size: 1rem;\">Las Termas de El Quicho se muestran como tal cual son, con la menor\u00a0<\/span><span style=\"color: var( --e-global-color-text ); font-family: var( --e-global-typography-text-font-family ), Sans-serif; font-weight: var( --e-global-typography-text-font-weight ); font-size: 1rem;\">intervenci\u00f3n de la mano del hombre para lograr que\u00a0<\/span><span style=\"color: var( --e-global-color-text ); font-family: var( --e-global-typography-text-font-family ), Sans-serif; font-weight: var( --e-global-typography-text-font-weight ); font-size: 1rem;\">el turista disfrute de la naturaleza a pleno.<\/span><\/p><p>El surgente fue descubierto en 1987, cuando se buscaba agua potable para la\u00a0escuelita Rub\u00e9n Dario y desde aquellos a\u00f1os nunca m\u00e1s dej\u00f3 de brotar.\u00a0Es salada, su temperatura oscila los 39\u00b0 y posee innumerables propiedades\u00a0curativas y relajantes.<\/p><p>El viajero que visita las Termas podr\u00e1 disfrutar de un d\u00eda de camping y luego\u00a0de un ba\u00f1o reparador y relajante, puede degustar los <br \/>mejores cabritos y lechones del norte de C\u00f3rdoba, adem\u00e1s de los\u00a0m\u00e1s ricos platos regionales de Serrezuela.<\/p>\t\t\t\t\t\t\t\t<\/div>\n\t\t\t\t<\/div>\n\t\t\t\t\t<\/div>\n\t\t<\/div>\n\t\t\t\t\t<\/div>\n\t\t<\/section>\n\t\t\t\t<section class=\"elementor-section elementor-top-section elementor-element elementor-element-b828453 elementor-section-full_width elementor-section-stretched elementor-section-height-default elementor-section-height-default\" data-id=\"b828453\" data-element_type=\"section\" data-settings=\"{&quot;stretch_section&quot;:&quot;section-stretched&quot;}\">\n\t\t\t\t\t\t<div class=\"elementor-container elementor-column-gap-default\">\n\t\t\t\t\t<div class=\"elementor-column elementor-col-100 elementor-top-column elementor-element elementor-element-7a79e33\" data-id=\"7a79e33\" data-element_type=\"column\">\n\t\t\t<div class=\"elementor-widget-wrap elementor-element-populated\">\n\t\t\t\t\t\t<div class=\"elementor-element elementor-element-656c454 elementor-widget elementor-widget-heading\" data-id=\"656c454\" data-element_type=\"widget\" data-widget_type=\"heading.default\">\n\t\t\t\t<div class=\"elementor-widget-container\">\n\t\t\t\t\t<h2 class=\"elementor-heading-title elementor-size-default\">m\u00e1s info sobre las termas<\/h2>\t\t\t\t<\/div>\n\t\t\t\t<\/div>\n\t\t\t\t\t<\/div>\n\t\t<\/div>\n\t\t\t\t\t<\/div>\n\t\t<\/section>\n\t\t\t\t<section class=\"elementor-section elementor-top-section elementor-element elementor-element-00f3293 elementor-section-full_width elementor-section-stretched elementor-section-height-default elementor-section-height-default\" data-id=\"00f3293\" data-element_type=\"section\" data-settings=\"{&quot;stretch_section&quot;:&quot;section-stretched&quot;}\">\n\t\t\t\t\t\t<div class=\"elementor-container elementor-column-gap-default\">\n\t\t\t\t\t<div class=\"elementor-column elementor-col-25 elementor-top-column elementor-element elementor-element-1926d1d\" data-id=\"1926d1d\" data-element_type=\"column\">\n\t\t\t<div class=\"elementor-widget-wrap elementor-element-populated\">\n\t\t\t\t\t\t<div class=\"elementor-element elementor-element-2eacf04 elementor-widget elementor-widget-image\" data-id=\"2eacf04\" data-element_type=\"widget\" data-widget_type=\"image.default\">\n\t\t\t\t<div class=\"elementor-widget-container\">\n\t\t\t\t\t\t\t\t\t\t\t\t\t\t\t<img fetchpriority=\"high\" decoding=\"async\" width=\"800\" height=\"450\" src=\"https:\/\/termaselquicho.com\/wp-content\/uploads\/2022\/10\/WhatsApp-Image-2022-08-11-at-12.10.37-PM-1-1024x576.jpeg\" class=\"attachment-large size-large wp-image-42\" alt=\"\" srcset=\"https:\/\/termaselquicho.com\/wp-content\/uploads\/2022\/10\/WhatsApp-Image-2022-08-11-at-12.10.37-PM-1-1024x576.jpeg 1024w, https:\/\/termaselquicho.com\/wp-content\/uploads\/2022\/10\/WhatsApp-Image-2022-08-11-at-12.10.37-PM-1-300x169.jpeg 300w, https:\/\/termaselquicho.com\/wp-content\/uploads\/2022\/10\/WhatsApp-Image-2022-08-11-at-12.10.37-PM-1-768x432.jpeg 768w, https:\/\/termaselquicho.com\/wp-content\/uploads\/2022\/10\/WhatsApp-Image-2022-08-11-at-12.10.37-PM-1.jpeg 1280w\" sizes=\"(max-width: 800px) 100vw, 800px\" \/>\t\t\t\t\t\t\t\t\t\t\t\t\t\t\t<\/div>\n\t\t\t\t<\/div>\n\t\t\t\t<div class=\"elementor-element elementor-element-91fdaa0 elementor-widget elementor-widget-text-editor\" data-id=\"91fdaa0\" data-element_type=\"widget\" data-widget_type=\"text-editor.default\">\n\t\t\t\t<div class=\"elementor-widget-container\">\n\t\t\t\t\t\t\t\t\t<p>Las Termas Rurales del Quicho se constituyen en el destino tur\u00edstico emergente m\u00e1s importante de C\u00f3rdoba.<\/p>\t\t\t\t\t\t\t\t<\/div>\n\t\t\t\t<\/div>\n\t\t\t\t\t<\/div>\n\t\t<\/div>\n\t\t\t\t<div class=\"elementor-column elementor-col-25 elementor-top-column elementor-element elementor-element-bf3c6f1\" data-id=\"bf3c6f1\" data-element_type=\"column\">\n\t\t\t<div class=\"elementor-widget-wrap elementor-element-populated\">\n\t\t\t\t\t\t<div class=\"elementor-element elementor-element-f1740a3 elementor-widget elementor-widget-image\" data-id=\"f1740a3\" data-element_type=\"widget\" data-widget_type=\"image.default\">\n\t\t\t\t<div class=\"elementor-widget-container\">\n\t\t\t\t\t\t\t\t\t\t\t\t\t\t\t<img decoding=\"async\" width=\"800\" height=\"449\" src=\"https:\/\/termaselquicho.com\/wp-content\/uploads\/2022\/10\/IMG_20211009_163326-1024x575.jpg\" class=\"attachment-large size-large wp-image-52\" alt=\"\" srcset=\"https:\/\/termaselquicho.com\/wp-content\/uploads\/2022\/10\/IMG_20211009_163326-1024x575.jpg 1024w, https:\/\/termaselquicho.com\/wp-content\/uploads\/2022\/10\/IMG_20211009_163326-300x169.jpg 300w, https:\/\/termaselquicho.com\/wp-content\/uploads\/2022\/10\/IMG_20211009_163326-768x432.jpg 768w, https:\/\/termaselquicho.com\/wp-content\/uploads\/2022\/10\/IMG_20211009_163326-1536x863.jpg 1536w, https:\/\/termaselquicho.com\/wp-content\/uploads\/2022\/10\/IMG_20211009_163326-2048x1151.jpg 2048w\" sizes=\"(max-width: 800px) 100vw, 800px\" \/>\t\t\t\t\t\t\t\t\t\t\t\t\t\t\t<\/div>\n\t\t\t\t<\/div>\n\t\t\t\t<div class=\"elementor-element elementor-element-57aa399 elementor-widget elementor-widget-text-editor\" data-id=\"57aa399\" data-element_type=\"widget\" data-widget_type=\"text-editor.default\">\n\t\t\t\t<div class=\"elementor-widget-container\">\n\t\t\t\t\t\t\t\t\t<p>Posee una pileta en la cual el surgente cae&nbsp;de forma continua a 39\u00b0 centigrados. El agua<br>es salada y posee innumerables propiedades&nbsp;curativas.<\/p>\t\t\t\t\t\t\t\t<\/div>\n\t\t\t\t<\/div>\n\t\t\t\t\t<\/div>\n\t\t<\/div>\n\t\t\t\t<div class=\"elementor-column elementor-col-25 elementor-top-column elementor-element elementor-element-245508e\" data-id=\"245508e\" data-element_type=\"column\">\n\t\t\t<div class=\"elementor-widget-wrap elementor-element-populated\">\n\t\t\t\t\t\t<div class=\"elementor-element elementor-element-880af52 elementor-widget elementor-widget-image\" data-id=\"880af52\" data-element_type=\"widget\" data-widget_type=\"image.default\">\n\t\t\t\t<div class=\"elementor-widget-container\">\n\t\t\t\t\t\t\t\t\t\t\t\t\t\t\t<img decoding=\"async\" width=\"800\" height=\"449\" src=\"https:\/\/termaselquicho.com\/wp-content\/uploads\/2022\/10\/2807-1210477.jpg\" class=\"attachment-large size-large wp-image-56\" alt=\"\" srcset=\"https:\/\/termaselquicho.com\/wp-content\/uploads\/2022\/10\/2807-1210477.jpg 900w, https:\/\/termaselquicho.com\/wp-content\/uploads\/2022\/10\/2807-1210477-300x168.jpg 300w, https:\/\/termaselquicho.com\/wp-content\/uploads\/2022\/10\/2807-1210477-768x431.jpg 768w\" sizes=\"(max-width: 800px) 100vw, 800px\" \/>\t\t\t\t\t\t\t\t\t\t\t\t\t\t\t<\/div>\n\t\t\t\t<\/div>\n\t\t\t\t<div class=\"elementor-element elementor-element-02dd5f3 elementor-widget elementor-widget-text-editor\" data-id=\"02dd5f3\" data-element_type=\"widget\" data-widget_type=\"text-editor.default\">\n\t\t\t\t<div class=\"elementor-widget-container\">\n\t\t\t\t\t\t\t\t\t<p>Cabritos, lechones, asado, empanadas&#8230; en el camping de las Termas de El Quicho el turista puede degustar los mejores platos<br \/>regionales.<\/p>\t\t\t\t\t\t\t\t<\/div>\n\t\t\t\t<\/div>\n\t\t\t\t\t<\/div>\n\t\t<\/div>\n\t\t\t\t<div class=\"elementor-column elementor-col-25 elementor-top-column elementor-element elementor-element-6760b89\" data-id=\"6760b89\" data-element_type=\"column\">\n\t\t\t<div class=\"elementor-widget-wrap elementor-element-populated\">\n\t\t\t\t\t\t<div class=\"elementor-element elementor-element-cd7c79b elementor-widget elementor-widget-image\" data-id=\"cd7c79b\" data-element_type=\"widget\" data-widget_type=\"image.default\">\n\t\t\t\t<div class=\"elementor-widget-container\">\n\t\t\t\t\t\t\t\t\t\t\t\t\t\t\t<img loading=\"lazy\" decoding=\"async\" width=\"800\" height=\"449\" src=\"https:\/\/termaselquicho.com\/wp-content\/uploads\/2022\/10\/IMG_20211009_163544-1-1024x575.jpg\" class=\"attachment-large size-large wp-image-53\" alt=\"\" srcset=\"https:\/\/termaselquicho.com\/wp-content\/uploads\/2022\/10\/IMG_20211009_163544-1-1024x575.jpg 1024w, https:\/\/termaselquicho.com\/wp-content\/uploads\/2022\/10\/IMG_20211009_163544-1-300x169.jpg 300w, https:\/\/termaselquicho.com\/wp-content\/uploads\/2022\/10\/IMG_20211009_163544-1-768x432.jpg 768w, https:\/\/termaselquicho.com\/wp-content\/uploads\/2022\/10\/IMG_20211009_163544-1-1536x863.jpg 1536w, https:\/\/termaselquicho.com\/wp-content\/uploads\/2022\/10\/IMG_20211009_163544-1-2048x1151.jpg 2048w\" sizes=\"(max-width: 800px) 100vw, 800px\" \/>\t\t\t\t\t\t\t\t\t\t\t\t\t\t\t<\/div>\n\t\t\t\t<\/div>\n\t\t\t\t<div class=\"elementor-element elementor-element-dfe6885 elementor-widget elementor-widget-text-editor\" data-id=\"dfe6885\" data-element_type=\"widget\" data-widget_type=\"text-editor.default\">\n\t\t\t\t<div class=\"elementor-widget-container\">\n\t\t\t\t\t\t\t\t\t<p>Si tienes ganas de acampar en El Quicho&nbsp;lo podr\u00e1s hacer. Nuestro camping cuenta con<br>todas las comodidades para que vayas en carpa&nbsp;o motorhome a pasar unos d\u00edas inolvidables.&nbsp;<\/p>\t\t\t\t\t\t\t\t<\/div>\n\t\t\t\t<\/div>\n\t\t\t\t\t<\/div>\n\t\t<\/div>\n\t\t\t\t\t<\/div>\n\t\t<\/section>\n\t\t\t\t<section class=\"elementor-section elementor-top-section elementor-element elementor-element-88897f6 elementor-section-full_width elementor-section-stretched elementor-section-height-default elementor-section-height-default\" data-id=\"88897f6\" data-element_type=\"section\" data-settings=\"{&quot;stretch_section&quot;:&quot;section-stretched&quot;}\">\n\t\t\t\t\t\t<div class=\"elementor-container elementor-column-gap-default\">\n\t\t\t\t\t<div class=\"elementor-column elementor-col-100 elementor-top-column elementor-element elementor-element-53018cd\" data-id=\"53018cd\" data-element_type=\"column\">\n\t\t\t<div class=\"elementor-widget-wrap elementor-element-populated\">\n\t\t\t\t\t\t<div class=\"elementor-element elementor-element-be0deec elementor-widget elementor-widget-heading\" data-id=\"be0deec\" data-element_type=\"widget\" data-widget_type=\"heading.default\">\n\t\t\t\t<div class=\"elementor-widget-container\">\n\t\t\t\t\t<h2 class=\"elementor-heading-title elementor-size-default\">TURISMO Y BIENESTAR<\/h2>\t\t\t\t<\/div>\n\t\t\t\t<\/div>\n\t\t\t\t\t<\/div>\n\t\t<\/div>\n\t\t\t\t\t<\/div>\n\t\t<\/section>\n\t\t\t\t<section class=\"elementor-section elementor-top-section elementor-element elementor-element-2490ca2 elementor-section-full_width elementor-section-height-default elementor-section-height-default\" data-id=\"2490ca2\" data-element_type=\"section\">\n\t\t\t\t\t\t<div class=\"elementor-container elementor-column-gap-default\">\n\t\t\t\t\t<div class=\"elementor-column elementor-col-100 elementor-top-column elementor-element elementor-element-f5a016d\" data-id=\"f5a016d\" data-element_type=\"column\">\n\t\t\t<div class=\"elementor-widget-wrap elementor-element-populated\">\n\t\t\t\t\t\t<div class=\"elementor-element elementor-element-37789cc elementor-widget elementor-widget-image\" data-id=\"37789cc\" data-element_type=\"widget\" data-widget_type=\"image.default\">\n\t\t\t\t<div class=\"elementor-widget-container\">\n\t\t\t\t\t\t\t\t\t\t\t\t\t\t\t<img loading=\"lazy\" decoding=\"async\" width=\"1925\" height=\"1086\" src=\"https:\/\/termaselquicho.com\/wp-content\/uploads\/2025\/09\/masaje-relajante-1.jpg\" class=\"attachment-full size-full wp-image-112\" alt=\"\" srcset=\"https:\/\/termaselquicho.com\/wp-content\/uploads\/2025\/09\/masaje-relajante-1.jpg 1925w, https:\/\/termaselquicho.com\/wp-content\/uploads\/2025\/09\/masaje-relajante-1-300x169.jpg 300w, https:\/\/termaselquicho.com\/wp-content\/uploads\/2025\/09\/masaje-relajante-1-1024x578.jpg 1024w, https:\/\/termaselquicho.com\/wp-content\/uploads\/2025\/09\/masaje-relajante-1-768x433.jpg 768w, https:\/\/termaselquicho.com\/wp-content\/uploads\/2025\/09\/masaje-relajante-1-1536x867.jpg 1536w\" sizes=\"(max-width: 1925px) 100vw, 1925px\" \/>\t\t\t\t\t\t\t\t\t\t\t\t\t\t\t<\/div>\n\t\t\t\t<\/div>\n\t\t\t\t\t<\/div>\n\t\t<\/div>\n\t\t\t\t\t<\/div>\n\t\t<\/section>\n\t\t\t\t<section class=\"elementor-section elementor-top-section elementor-element elementor-element-4c4d781 elementor-section-full_width elementor-section-height-default elementor-section-height-default\" data-id=\"4c4d781\" data-element_type=\"section\">\n\t\t\t\t\t\t<div class=\"elementor-container elementor-column-gap-default\">\n\t\t\t\t\t<div class=\"elementor-column elementor-col-100 elementor-top-column elementor-element elementor-element-aab271d\" data-id=\"aab271d\" data-element_type=\"column\">\n\t\t\t<div class=\"elementor-widget-wrap elementor-element-populated\">\n\t\t\t\t\t\t<div class=\"elementor-element elementor-element-d561bef elementor-widget elementor-widget-text-editor\" data-id=\"d561bef\" data-element_type=\"widget\" data-widget_type=\"text-editor.default\">\n\t\t\t\t<div class=\"elementor-widget-container\">\n\t\t\t\t\t\t\t\t\t<p style=\"text-align: center;\">Las Termas de El Quicho, se posiciona como un destino de turismo de bienestar, que conecta con la naturaleza y disciplinas ancestrales, logrando el equilibrio cuerpo-mente-esp\u00edritu.<\/p><p style=\"text-align: center;\">Ofrecemos muchas actividades revitalizantes para los turistas que buscan un estilo de vida saludable y equilibrado. Desde barro terapia hasta trekking tenemos mucho que ofrecer a quienes desean reconectar con su bienestar interior.<\/p><p style=\"text-align: center;\">Las opciones van desde pr\u00e1cticas milenarias como la meditaci\u00f3n y el yoga, hasta actividades al aire libre como senderismo por paisajes naturales hermosos. Adem\u00e1s, de masajes relajantes y terapias con barro, estamos desarrollando t\u00e9cnicas para mejorar la salud f\u00edsica y mental a trav\u00e9s de la alimentaci\u00f3n enfoc\u00e1ndonos en la cocina saludable,.<\/p><p style=\"text-align: center;\">Ya sea que los visitantes busquen un momento de relajaci\u00f3n o simplemente recargar energ\u00edas en un entorno natural, Serrezuela y sus termas tienen mucho que ofrecer para satisfacer las necesidades de los turistas que priorizan el bienestar integral.<\/p><p style=\"text-align: center;\">Las Termas de El Quicho son un refugio ideal para alejarse del estr\u00e9s y lograr la plenitud. Es un destino aut\u00e9ntico donde conectan con su yo m\u00e1s profundo y alcanzan el equilibrio integral.<\/p>\t\t\t\t\t\t\t\t<\/div>\n\t\t\t\t<\/div>\n\t\t\t\t\t<\/div>\n\t\t<\/div>\n\t\t\t\t\t<\/div>\n\t\t<\/section>\n\t\t\t\t<section class=\"elementor-section elementor-top-section elementor-element elementor-element-a80fe04 elementor-section-full_width elementor-hidden-mobile elementor-section-height-default elementor-section-height-default\" data-id=\"a80fe04\" data-element_type=\"section\">\n\t\t\t\t\t\t<div class=\"elementor-container elementor-column-gap-default\">\n\t\t\t\t\t<div class=\"elementor-column elementor-col-100 elementor-top-column elementor-element elementor-element-ce02776\" data-id=\"ce02776\" data-element_type=\"column\">\n\t\t\t<div class=\"elementor-widget-wrap elementor-element-populated\">\n\t\t\t\t\t\t<div class=\"elementor-element elementor-element-c469382 elementor-widget elementor-widget-image\" data-id=\"c469382\" data-element_type=\"widget\" data-widget_type=\"image.default\">\n\t\t\t\t<div class=\"elementor-widget-container\">\n\t\t\t\t\t\t\t\t\t\t\t\t\t\t\t<img loading=\"lazy\" decoding=\"async\" width=\"1920\" height=\"1080\" src=\"https:\/\/termaselquicho.com\/wp-content\/uploads\/2025\/09\/1920X1080-APAISADA-TERMAS-2025-RESERVA.jpg\" class=\"attachment-full size-full wp-image-96\" alt=\"\" srcset=\"https:\/\/termaselquicho.com\/wp-content\/uploads\/2025\/09\/1920X1080-APAISADA-TERMAS-2025-RESERVA.jpg 1920w, https:\/\/termaselquicho.com\/wp-content\/uploads\/2025\/09\/1920X1080-APAISADA-TERMAS-2025-RESERVA-300x169.jpg 300w, https:\/\/termaselquicho.com\/wp-content\/uploads\/2025\/09\/1920X1080-APAISADA-TERMAS-2025-RESERVA-1024x576.jpg 1024w, https:\/\/termaselquicho.com\/wp-content\/uploads\/2025\/09\/1920X1080-APAISADA-TERMAS-2025-RESERVA-768x432.jpg 768w, https:\/\/termaselquicho.com\/wp-content\/uploads\/2025\/09\/1920X1080-APAISADA-TERMAS-2025-RESERVA-1536x864.jpg 1536w\" sizes=\"(max-width: 1920px) 100vw, 1920px\" \/>\t\t\t\t\t\t\t\t\t\t\t\t\t\t\t<\/div>\n\t\t\t\t<\/div>\n\t\t\t\t\t<\/div>\n\t\t<\/div>\n\t\t\t\t\t<\/div>\n\t\t<\/section>\n\t\t\t\t<section class=\"elementor-section elementor-top-section elementor-element elementor-element-f1760dd elementor-section-boxed elementor-section-height-default elementor-section-height-default\" data-id=\"f1760dd\" data-element_type=\"section\">\n\t\t\t\t\t\t<div class=\"elementor-container elementor-column-gap-default\">\n\t\t\t\t\t<div class=\"elementor-column elementor-col-100 elementor-top-column elementor-element elementor-element-d7b1bac\" data-id=\"d7b1bac\" data-element_type=\"column\">\n\t\t\t<div class=\"elementor-widget-wrap elementor-element-populated\">\n\t\t\t\t\t\t<div class=\"elementor-element elementor-element-9134b51 elementor-hidden-desktop elementor-hidden-tablet elementor-widget elementor-widget-image\" data-id=\"9134b51\" data-element_type=\"widget\" data-widget_type=\"image.default\">\n\t\t\t\t<div class=\"elementor-widget-container\">\n\t\t\t\t\t\t\t\t\t\t\t\t\t\t\t<img loading=\"lazy\" decoding=\"async\" width=\"576\" height=\"1024\" src=\"https:\/\/termaselquicho.com\/wp-content\/uploads\/2025\/09\/1080x1920-VERTICAL-TERMAS-2025-RESERVA-576x1024.jpg\" class=\"attachment-large size-large wp-image-95\" alt=\"\" srcset=\"https:\/\/termaselquicho.com\/wp-content\/uploads\/2025\/09\/1080x1920-VERTICAL-TERMAS-2025-RESERVA-576x1024.jpg 576w, https:\/\/termaselquicho.com\/wp-content\/uploads\/2025\/09\/1080x1920-VERTICAL-TERMAS-2025-RESERVA-169x300.jpg 169w, https:\/\/termaselquicho.com\/wp-content\/uploads\/2025\/09\/1080x1920-VERTICAL-TERMAS-2025-RESERVA-768x1365.jpg 768w, https:\/\/termaselquicho.com\/wp-content\/uploads\/2025\/09\/1080x1920-VERTICAL-TERMAS-2025-RESERVA-864x1536.jpg 864w, https:\/\/termaselquicho.com\/wp-content\/uploads\/2025\/09\/1080x1920-VERTICAL-TERMAS-2025-RESERVA.jpg 1080w\" sizes=\"(max-width: 576px) 100vw, 576px\" \/>\t\t\t\t\t\t\t\t\t\t\t\t\t\t\t<\/div>\n\t\t\t\t<\/div>\n\t\t\t\t\t<\/div>\n\t\t<\/div>\n\t\t\t\t\t<\/div>\n\t\t<\/section>\n\t\t\t\t<section class=\"elementor-section elementor-top-section elementor-element elementor-element-1df047b elementor-section-full_width elementor-section-stretched elementor-section-height-default elementor-section-height-default\" data-id=\"1df047b\" data-element_type=\"section\" data-settings=\"{&quot;stretch_section&quot;:&quot;section-stretched&quot;}\">\n\t\t\t\t\t\t<div class=\"elementor-container elementor-column-gap-default\">\n\t\t\t\t\t<div class=\"elementor-column elementor-col-100 elementor-top-column elementor-element elementor-element-d3daec8\" data-id=\"d3daec8\" data-element_type=\"column\">\n\t\t\t<div class=\"elementor-widget-wrap elementor-element-populated\">\n\t\t\t\t\t\t<div class=\"elementor-element elementor-element-bc490ce elementor-widget elementor-widget-heading\" data-id=\"bc490ce\" data-element_type=\"widget\" data-widget_type=\"heading.default\">\n\t\t\t\t<div class=\"elementor-widget-container\">\n\t\t\t\t\t<h2 class=\"elementor-heading-title elementor-size-default\">C\u00d3MO LLEGAR<\/h2>\t\t\t\t<\/div>\n\t\t\t\t<\/div>\n\t\t\t\t\t<\/div>\n\t\t<\/div>\n\t\t\t\t\t<\/div>\n\t\t<\/section>\n\t\t\t\t<section class=\"elementor-section elementor-top-section elementor-element elementor-element-f87ab10 elementor-section-full_width elementor-section-stretched elementor-section-height-default elementor-section-height-default\" data-id=\"f87ab10\" data-element_type=\"section\" data-settings=\"{&quot;stretch_section&quot;:&quot;section-stretched&quot;}\">\n\t\t\t\t\t\t<div class=\"elementor-container elementor-column-gap-default\">\n\t\t\t\t\t<div class=\"elementor-column elementor-col-100 elementor-top-column elementor-element elementor-element-a25a133\" data-id=\"a25a133\" data-element_type=\"column\">\n\t\t\t<div class=\"elementor-widget-wrap elementor-element-populated\">\n\t\t\t\t\t\t<div class=\"elementor-element elementor-element-d731775 elementor-widget elementor-widget-google_maps\" data-id=\"d731775\" data-element_type=\"widget\" data-widget_type=\"google_maps.default\">\n\t\t\t\t<div class=\"elementor-widget-container\">\n\t\t\t\t\t\t\t<div class=\"elementor-custom-embed\">\n\t\t\t<iframe loading=\"lazy\"\n\t\t\t\t\tsrc=\"https:\/\/maps.google.com\/maps?q=TERMAS%20EL%20QUICHO&#038;t=m&#038;z=10&#038;output=embed&#038;iwloc=near\"\n\t\t\t\t\ttitle=\"TERMAS EL QUICHO\"\n\t\t\t\t\taria-label=\"TERMAS EL QUICHO\"\n\t\t\t><\/iframe>\n\t\t<\/div>\n\t\t\t\t\t\t<\/div>\n\t\t\t\t<\/div>\n\t\t\t\t<div class=\"elementor-element elementor-element-c4787f8 elementor-widget elementor-widget-spacer\" data-id=\"c4787f8\" data-element_type=\"widget\" data-widget_type=\"spacer.default\">\n\t\t\t\t<div class=\"elementor-widget-container\">\n\t\t\t\t\t\t\t<div class=\"elementor-spacer\">\n\t\t\t<div class=\"elementor-spacer-inner\"><\/div>\n\t\t<\/div>\n\t\t\t\t\t\t<\/div>\n\t\t\t\t<\/div>\n\t\t\t\t\t<\/div>\n\t\t<\/div>\n\t\t\t\t\t<\/div>\n\t\t<\/section>\n\t\t\t\t<section class=\"elementor-section elementor-top-section elementor-element elementor-element-f3a0ed2 elementor-section-full_width elementor-section-stretched elementor-section-height-default elementor-section-height-default\" data-id=\"f3a0ed2\" data-element_type=\"section\" data-settings=\"{&quot;stretch_section&quot;:&quot;section-stretched&quot;,&quot;background_background&quot;:&quot;classic&quot;}\">\n\t\t\t\t\t\t<div class=\"elementor-container elementor-column-gap-default\">\n\t\t\t\t\t<div class=\"elementor-column elementor-col-100 elementor-top-column elementor-element elementor-element-c581796\" data-id=\"c581796\" data-element_type=\"column\">\n\t\t\t<div class=\"elementor-widget-wrap elementor-element-populated\">\n\t\t\t\t\t\t<div class=\"elementor-element elementor-element-8bb720d elementor-widget elementor-widget-heading\" data-id=\"8bb720d\" data-element_type=\"widget\" data-widget_type=\"heading.default\">\n\t\t\t\t<div class=\"elementor-widget-container\">\n\t\t\t\t\t<h2 class=\"elementor-heading-title elementor-size-default\">Todos los Derechos Reservados - Municipalidad de Serrezuela 2025<\/h2>\t\t\t\t<\/div>\n\t\t\t\t<\/div>\n\t\t\t\t\t<\/div>\n\t\t<\/div>\n\t\t\t\t\t<\/div>\n\t\t<\/section>\n\t\t\t\t<\/div>\n\t\t","protected":false},"excerpt":{"rendered":"<p>Facebook Instagram Youtube http:\/\/termaselquicho.com\/wp-content\/uploads\/2025\/09\/ELQUICHO-1.mp4 UN POCO DE HISTORIA Los paisajes son el mejor exponente del noroeste de la Provincia de C\u00f3rdoba.\u00a0En el Paraje El Quicho, ubicado a 24 kilometros por camino de tierra\u00a0desde Serrezuela, se encuentra UNO DE LOS\u00a0DESCONOCIDOS Y MAS PROMETEDORES DESTINOS TUR\u00cdSTICOS de C\u00f3rdoba: LAS TERMAS DE EL QUICHO. Es un lugar m\u00e1gico, [&hellip;]<\/p>\n","protected":false},"author":1,"featured_media":0,"parent":0,"menu_order":0,"comment_status":"closed","ping_status":"closed","template":"","meta":{"om_disable_all_campaigns":false,"footnotes":""},"class_list":["post-12","page","type-page","status-publish","hentry"],"aioseo_notices":[],"_links":{"self":[{"href":"https:\/\/termaselquicho.com\/index.php\/wp-json\/wp\/v2\/pages\/12","targetHints":{"allow":["GET"]}}],"collection":[{"href":"https:\/\/termaselquicho.com\/index.php\/wp-json\/wp\/v2\/pages"}],"about":[{"href":"https:\/\/termaselquicho.com\/index.php\/wp-json\/wp\/v2\/types\/page"}],"author":[{"embeddable":true,"href":"https:\/\/termaselquicho.com\/index.php\/wp-json\/wp\/v2\/users\/1"}],"replies":[{"embeddable":true,"href":"https:\/\/termaselquicho.com\/index.php\/wp-json\/wp\/v2\/comments?post=12"}],"version-history":[{"count":58,"href":"https:\/\/termaselquicho.com\/index.php\/wp-json\/wp\/v2\/pages\/12\/revisions"}],"predecessor-version":[{"id":130,"href":"https:\/\/termaselquicho.com\/index.php\/wp-json\/wp\/v2\/pages\/12\/revisions\/130"}],"wp:attachment":[{"href":"https:\/\/termaselquicho.com\/index.php\/wp-json\/wp\/v2\/media?parent=12"}],"curies":[{"name":"wp","href":"https:\/\/api.w.org\/{rel}","templated":true}]}}